{"id":22,"date":"2017-03-25T11:20:09","date_gmt":"2017-03-25T11:20:09","guid":{"rendered":"http:\/\/vff-faellanden.ch\/?page_id=22"},"modified":"2024-02-19T21:13:38","modified_gmt":"2024-02-19T21:13:38","slug":"startseite","status":"publish","type":"page","link":"https:\/\/vff-faellanden.ch\/","title":{"rendered":"Startseite"},"content":{"rendered":"\n<p class=\"wp-block-paragraph\">Der&nbsp;<strong><em>VFF &#8211; Verein f\u00fcr Familieng\u00e4rten F\u00e4llanden<\/em><\/strong>&nbsp;informiert mit dieser Homepage P\u00e4chter, Mitglieder und Interessierte:<\/p>\n\n\n\n<p class=\"wp-block-paragraph\"><\/p>\n\n\n\n<figure class=\"wp-block-image size-large\"><img loading=\"lazy\" decoding=\"async\" width=\"1024\" height=\"768\" src=\"https:\/\/vff-faellanden.ch\/wp-content\/uploads\/2024\/02\/VFF-1024x768.jpeg\" alt=\"\" class=\"wp-image-607\" srcset=\"https:\/\/vff-faellanden.ch\/wp-content\/uploads\/2024\/02\/VFF-1024x768.jpeg 1024w, https:\/\/vff-faellanden.ch\/wp-content\/uploads\/2024\/02\/VFF-300x225.jpeg 300w, https:\/\/vff-faellanden.ch\/wp-content\/uploads\/2024\/02\/VFF-768x576.jpeg 768w, https:\/\/vff-faellanden.ch\/wp-content\/uploads\/2024\/02\/VFF-1536x1152.jpeg 1536w, https:\/\/vff-faellanden.ch\/wp-content\/uploads\/2024\/02\/VFF-2048x1536.jpeg 2048w, https:\/\/vff-faellanden.ch\/wp-content\/uploads\/2024\/02\/VFF-400x300.jpeg 400w\" sizes=\"auto, (max-width: 1024px) 100vw, 1024px\" \/><\/figure>\n\n\n\n<p class=\"wp-block-paragraph\"><span style=\"text-decoration: underline; color: #000000;\">Vereins-Anschrift:<br><\/span><strong><em>VFF Verein f\u00fcr Familieng\u00e4rten F\u00e4llanden<br>Postfach 5<br>8117 F\u00e4llanden<\/em><\/strong><a href=\"http:\/\/www.vff-faellanden.ch\"><br><\/a><a href=\"mailto:info@vff-faellanden.ch\">info@vff-faellanden.ch<\/a><\/p>\n\n\n\n<p class=\"wp-block-paragraph\"><\/p>\n","protected":false},"excerpt":{"rendered":"<p>Der&nbsp;VFF &#8211; Verein f\u00fcr Familieng\u00e4rten F\u00e4llanden&nbsp;informiert mit dieser Homepage P\u00e4chter, Mitglieder und Interessierte: Vereins-Anschrift:VFF Verein&#46;&#46;&#46;<\/p>\n","protected":false},"author":2,"featured_media":0,"parent":0,"menu_order":0,"comment_status":"closed","ping_status":"closed","template":"","meta":{"footnotes":""},"class_list":["post-22","page","type-page","status-publish","hentry"],"_links":{"self":[{"href":"https:\/\/vff-faellanden.ch\/index.php?rest_route=\/wp\/v2\/pages\/22","targetHints":{"allow":["GET"]}}],"collection":[{"href":"https:\/\/vff-faellanden.ch\/index.php?rest_route=\/wp\/v2\/pages"}],"about":[{"href":"https:\/\/vff-faellanden.ch\/index.php?rest_route=\/wp\/v2\/types\/page"}],"author":[{"embeddable":true,"href":"https:\/\/vff-faellanden.ch\/index.php?rest_route=\/wp\/v2\/users\/2"}],"replies":[{"embeddable":true,"href":"https:\/\/vff-faellanden.ch\/index.php?rest_route=%2Fwp%2Fv2%2Fcomments&post=22"}],"version-history":[{"count":26,"href":"https:\/\/vff-faellanden.ch\/index.php?rest_route=\/wp\/v2\/pages\/22\/revisions"}],"predecessor-version":[{"id":608,"href":"https:\/\/vff-faellanden.ch\/index.php?rest_route=\/wp\/v2\/pages\/22\/revisions\/608"}],"wp:attachment":[{"href":"https:\/\/vff-faellanden.ch\/index.php?rest_route=%2Fwp%2Fv2%2Fmedia&parent=22"}],"curies":[{"name":"wp","href":"https:\/\/api.w.org\/{rel}","templated":true}]}}